{"id":12,"date":"2026-07-20T16:15:39","date_gmt":"2026-07-20T14:15:39","guid":{"rendered":"https:\/\/edfvr.net\/01\/?page_id=12"},"modified":"2026-08-24T17:27:51","modified_gmt":"2026-08-24T15:27:51","slug":"work","status":"publish","type":"page","link":"https:\/\/edfvr.net\/01\/work\/","title":{"rendered":"WORK"},"content":{"rendered":"\n<div class=\"wp-block-group alignfull has-accent-2-background-color has-background has-global-padding is-layout-constrained wp-container-core-group-is-layout-73128380 wp-block-group-is-layout-constrained\" style=\"margin-top:0;margin-bottom:0;padding-top:var(--wp--preset--spacing--50);padding-right:var(--wp--preset--spacing--50);padding-bottom:var(--wp--preset--spacing--50);padding-left:var(--wp--preset--spacing--50)\">\n<div class=\"wp-block-columns alignwide is-layout-flex wp-container-core-columns-is-layout-3a88641f wp-block-columns-is-layout-flex\">\n<div class=\"wp-block-column is-layout-flow wp-block-column-is-layout-flow\" style=\"flex-basis:40%\">\n<p class=\"has-roboto-font-family wp-container-content-0733e5d0 wp-block-paragraph\">Arbeitsbereiche <br>des FACHVERBANDS<\/p>\n<\/div>\n\n\n\n<div class=\"wp-block-column is-layout-flow wp-block-column-is-layout-flow\" style=\"flex-basis:60%\">\n<p class=\"has-heading-font-family has-x-large-font-size wp-block-paragraph\" style=\"line-height:1.2\">Neben den klassischen Federn der Eigenorganisation einer Branche, wie der politischen und gesellschaftlichen Vertretung, arbeiten wir als Verband in uns spezifisch wichtigen Arbeitsfeldern.<\/p>\n<\/div>\n<\/div>\n\n\n\n<div style=\"height:var(--wp--preset--spacing--40)\" aria-hidden=\"true\" class=\"wp-block-spacer\"><\/div>\n\n\n\n<figure class=\"wp-block-image alignwide size-large is-style-rounded is-style-rounded--1\"><img loading=\"lazy\" decoding=\"async\" width=\"1024\" height=\"640\" src=\"https:\/\/edfvr.net\/01\/wp-content\/uploads\/2026\/07\/sozialistischer-Realismus_a4-1024x640.jpg\" alt=\"\" class=\"wp-image-57\" srcset=\"https:\/\/edfvr.net\/01\/wp-content\/uploads\/2026\/07\/sozialistischer-Realismus_a4-1024x640.jpg 1024w, https:\/\/edfvr.net\/01\/wp-content\/uploads\/2026\/07\/sozialistischer-Realismus_a4-300x188.jpg 300w, https:\/\/edfvr.net\/01\/wp-content\/uploads\/2026\/07\/sozialistischer-Realismus_a4-768x480.jpg 768w, https:\/\/edfvr.net\/01\/wp-content\/uploads\/2026\/07\/sozialistischer-Realismus_a4-1536x960.jpg 1536w, https:\/\/edfvr.net\/01\/wp-content\/uploads\/2026\/07\/sozialistischer-Realismus_a4-2048x1281.jpg 2048w\" sizes=\"auto, (max-width: 1024px) 100vw, 1024px\" \/><\/figure>\n<\/div>\n\n\n\n<div class=\"wp-block-group alignfull has-accent-5-background-color has-background has-global-padding is-layout-constrained wp-container-core-group-is-layout-36f65c2d wp-block-group-is-layout-constrained\" style=\"margin-top:0;margin-bottom:0;padding-top:var(--wp--preset--spacing--50);padding-right:var(--wp--preset--spacing--50);padding-bottom:var(--wp--preset--spacing--50);padding-left:var(--wp--preset--spacing--50)\">\n<div class=\"wp-block-columns alignwide is-layout-flex wp-container-core-columns-is-layout-a0d91a25 wp-block-columns-is-layout-flex\">\n<div class=\"wp-block-column is-vertically-aligned-stretch is-layout-flow wp-block-column-is-layout-flow\" style=\"flex-basis:60%\">\n<figure class=\"wp-block-image size-full is-style-rounded wp-duotone-unset-3 is-style-rounded--2\"><img loading=\"lazy\" decoding=\"async\" width=\"1376\" height=\"1032\" src=\"https:\/\/edfvr.net\/01\/wp-content\/uploads\/2026\/08\/davincis_kladde_a3_ai.jpg\" alt=\"\" class=\"wp-image-833\" style=\"aspect-ratio:4\/3;object-fit:cover\" srcset=\"https:\/\/edfvr.net\/01\/wp-content\/uploads\/2026\/08\/davincis_kladde_a3_ai.jpg 1376w, https:\/\/edfvr.net\/01\/wp-content\/uploads\/2026\/08\/davincis_kladde_a3_ai-300x225.jpg 300w, https:\/\/edfvr.net\/01\/wp-content\/uploads\/2026\/08\/davincis_kladde_a3_ai-1024x768.jpg 1024w, https:\/\/edfvr.net\/01\/wp-content\/uploads\/2026\/08\/davincis_kladde_a3_ai-768x576.jpg 768w\" sizes=\"auto, (max-width: 1376px) 100vw, 1376px\" \/><\/figure>\n<\/div>\n\n\n\n<div class=\"wp-block-column is-layout-flow wp-block-column-is-layout-flow\" style=\"flex-basis:40%\">\n<h2 class=\"wp-block-heading has-heading-font-family has-large-font-size\">STANDARDISIERUNG<\/h2>\n\n\n\n<p class=\"wp-block-paragraph\">XR und die digitale Transformation werden nur funktionieren, wenn wir die Vorteile\u00a0 gemeinsamer und offener Standards nutzen.<\/p>\n\n\n\n<p class=\"wp-block-paragraph\"><\/p>\n\n\n\n<div class=\"wp-block-buttons is-layout-flex wp-block-buttons-is-layout-flex\">\n<div class=\"wp-block-button\"><a class=\"wp-block-button__link wp-element-button\">zu STANDARTS<\/a><\/div>\n<\/div>\n<\/div>\n<\/div>\n<\/div>\n\n\n\n<div class=\"wp-block-group alignfull has-base-background-color has-background has-global-padding is-layout-constrained wp-container-core-group-is-layout-36f65c2d wp-block-group-is-layout-constrained\" style=\"margin-top:0;margin-bottom:0;padding-top:var(--wp--preset--spacing--50);padding-right:var(--wp--preset--spacing--50);padding-bottom:var(--wp--preset--spacing--50);padding-left:var(--wp--preset--spacing--50)\">\n<div class=\"wp-block-columns alignwide is-layout-flex wp-container-core-columns-is-layout-ef10d34a wp-block-columns-is-layout-flex\">\n<div class=\"wp-block-column has-global-padding is-content-justification-left is-layout-constrained wp-container-core-column-is-layout-fbd00b99 wp-block-column-is-layout-constrained\" style=\"flex-basis:40%\">\n<p class=\"has-roboto-font-family has-medium-font-size wp-block-paragraph\">ANWENDERGRUPPE<\/p>\n<\/div>\n\n\n\n<div class=\"wp-block-column is-layout-flow wp-container-core-column-is-layout-0c22cdd7 wp-block-column-is-layout-flow\" style=\"flex-basis:60%\">\n<p class=\"has-heading-font-family has-x-large-font-size wp-block-paragraph\" style=\"line-height:1.2\">Wer XR\u2011Technologie einsetzt, im Betrieb als Werkzeug, als Plattform, als Teil der eigenen Transformations-Strategie etabliert, der geh\u00f6rt zu uns.<\/p>\n\n\n\n<div class=\"wp-block-columns is-layout-flex wp-container-core-columns-is-layout-3afcaa04 wp-block-columns-is-layout-flex\">\n<div class=\"wp-block-column is-layout-flow wp-block-column-is-layout-flow\">\n<p class=\"wp-container-content-9cfa9a5a wp-block-paragraph\">Das Wissen, wie XR im Betrieb implementiert wird, ist wesentlich f\u00fcr eine Branche, die stark im B2B-Sektor verankert ist.<\/p>\n\n\n\n<p class=\"wp-block-paragraph\">Dabei geht es um Akzeptanz, um Widerst\u00e4nde gegen neue Prozesse, um die Motivation f\u00fcr das Entdecken von etwas Neues. <\/p>\n\n\n\n<p class=\"wp-block-paragraph\">Aber der neue Schei\u00df muss auch beweisen, dass es sich lohnt, in ihn zu investieren. In Hardware, in L\u00f6sungen, aber vor allem in Zeit und Aufwand.<\/p>\n<\/div>\n\n\n\n<div class=\"wp-block-column is-layout-flow wp-block-column-is-layout-flow\">\n<p class=\"wp-block-paragraph\">Diesen Weg kann nat\u00fcrlich jeder alleine gehen. Jedes Problem hat eine L\u00f6sung, aber so nutzt man die eigenen Potenziale jedes Mal sp\u00fcrbar ab.<\/p>\n\n\n\n<p class=\"wp-block-paragraph\">Die ANWENDER im EDFVR sind eine Gruppe von Unternehmen, die branchen- und regions\u00fcbergreifend dar\u00fcber reden, wie sie XR nutzen. <br>Was funktioniert, was nicht, was will man ausprobieren, was braucht man, um zu wachsen.<\/p>\n\n\n\n<p class=\"wp-block-paragraph\">Gemeinsam sind wir schneller. <\/p>\n<\/div>\n<\/div>\n<\/div>\n<\/div>\n<\/div>\n\n\n\n<div class=\"wp-block-cover alignfull has-parallax\" style=\"padding-top:var(--wp--preset--spacing--50);padding-right:var(--wp--preset--spacing--50);padding-bottom:var(--wp--preset--spacing--50);padding-left:var(--wp--preset--spacing--50);min-height:100vh;aspect-ratio:unset;\"><div class=\"wp-block-cover__image-background wp-image-822 size-large has-parallax\" style=\"background-position:50% 50%;background-image:url(https:\/\/edfvr.net\/01\/wp-content\/uploads\/2026\/08\/dreiaugenrichter_straat_a1_50-1024x576.jpg)\"><\/div><span aria-hidden=\"true\" class=\"wp-block-cover__background has-base-background-color has-background-dim-0 has-background-dim\"><\/span><div class=\"wp-block-cover__inner-container has-global-padding is-layout-constrained wp-container-core-cover-is-layout-0979e81e wp-block-cover-is-layout-constrained\">\n<div style=\"height:500px\" aria-hidden=\"true\" class=\"wp-block-spacer\"><\/div>\n<\/div><\/div>\n\n\n\n<div class=\"wp-block-group alignfull has-accent-background-color has-background has-global-padding is-layout-constrained wp-container-core-group-is-layout-73128380 wp-block-group-is-layout-constrained\" style=\"margin-top:0;margin-bottom:0;padding-top:var(--wp--preset--spacing--50);padding-right:var(--wp--preset--spacing--50);padding-bottom:var(--wp--preset--spacing--50);padding-left:var(--wp--preset--spacing--50)\">\n<div class=\"wp-block-columns alignwide is-layout-flex wp-container-core-columns-is-layout-a0d91a25 wp-block-columns-is-layout-flex\">\n<div class=\"wp-block-column is-vertically-aligned-stretch is-layout-flow wp-block-column-is-layout-flow\" style=\"flex-basis:50%\">\n<div class=\"wp-block-group is-vertical is-content-justification-stretch is-layout-flex wp-container-core-group-is-layout-c042bc37 wp-block-group-is-layout-flex\" style=\"min-height:100%\">\n<p class=\"has-heading-font-family has-medium-font-size wp-block-paragraph\" style=\"line-height:1.7\">Der EDFVR hat den DEUTSCHEN FACHVERBAND im Namen. Aber wir sind nicht allein und das ist gut so. Mit den wichtigsten Landes- und Fachverb\u00e4nden bilden wir ein informelles Netzwerk, das Konsortium der Fachverb\u00e4nde.<\/p>\n\n\n\n<div class=\"wp-block-buttons is-layout-flex wp-block-buttons-is-layout-flex\">\n<div class=\"wp-block-button\"><a class=\"wp-block-button__link wp-element-button\" href=\"https:\/\/xr-konsortium.de\/\" target=\"_blank\" rel=\"noreferrer noopener\">KONSORTIUM der XR-Verb\u00e4nde<\/a><\/div>\n<\/div>\n\n\n\n<p class=\"has-heading-font-family has-medium-font-size wp-block-paragraph\">Unsere Branche, die XR-Szene, ist sehr stark durch MEETUPS bestimmt. Das sind wichtige Plattformen f\u00fcr gemeinsame Aktivit\u00e4ten, um sich kennenzulernen und um Kontakte zu pflegen.<br><br>Auf der europ\u00e4ischer Ebene, im Kontext der <a href=\"https:\/\/digital-strategy.ec.europa.eu\/en\/related-content?topic=194\" target=\"_blank\" rel=\"noreferrer noopener\">VIRTUAL WORL INIATIVE<\/a> der Kommission, sind wir in Br\u00fcssel und Stra\u00dfburg unterwegs und engagieren uns im paneurop\u00e4ischen Verband XR4Europe<\/p>\n\n\n\n<div class=\"wp-block-buttons is-layout-flex wp-block-buttons-is-layout-flex\">\n<div class=\"wp-block-button\"><a class=\"wp-block-button__link wp-element-button\">XR4Europe<\/a><\/div>\n<\/div>\n\n\n\n<div class=\"wp-block-group has-global-padding is-content-justification-left is-layout-constrained wp-container-core-group-is-layout-1292ae2f wp-block-group-is-layout-constrained\">\n<p class=\"has-roboto-font-family has-large-font-size wp-container-content-0733e5d0 wp-block-paragraph\" style=\"line-height:1.2\">TOGETHER.<br>Konsortium, Meetups &amp; Europa<\/p>\n\n\n\n<div class=\"wp-block-buttons is-layout-flex wp-block-buttons-is-layout-flex\"><\/div>\n<\/div>\n<\/div>\n<\/div>\n\n\n\n<div class=\"wp-block-column is-vertically-aligned-center is-layout-flow wp-block-column-is-layout-flow\" style=\"flex-basis:50%\">\n<figure class=\"wp-block-image size-full is-style-rounded is-style-rounded--4\"><img loading=\"lazy\" decoding=\"async\" width=\"650\" height=\"866\" src=\"https:\/\/edfvr.net\/01\/wp-content\/uploads\/2026\/08\/jeffkoons_plattenbau_a1_ai.jpg\" alt=\"\" class=\"wp-image-839\" style=\"aspect-ratio:3\/4;object-fit:cover\" srcset=\"https:\/\/edfvr.net\/01\/wp-content\/uploads\/2026\/08\/jeffkoons_plattenbau_a1_ai.jpg 650w, https:\/\/edfvr.net\/01\/wp-content\/uploads\/2026\/08\/jeffkoons_plattenbau_a1_ai-225x300.jpg 225w\" sizes=\"auto, (max-width: 650px) 100vw, 650px\" \/><\/figure>\n<\/div>\n<\/div>\n<\/div>\n\n\n\n<div class=\"wp-block-group alignfull has-accent-5-background-color has-background has-global-padding is-layout-constrained wp-container-core-group-is-layout-36f65c2d wp-block-group-is-layout-constrained\" style=\"margin-top:0;margin-bottom:0;padding-top:var(--wp--preset--spacing--50);padding-right:var(--wp--preset--spacing--50);padding-bottom:var(--wp--preset--spacing--50);padding-left:var(--wp--preset--spacing--50)\">\n<div class=\"wp-block-columns alignwide is-layout-flex wp-container-core-columns-is-layout-a0d91a25 wp-block-columns-is-layout-flex\">\n<div class=\"wp-block-column is-vertically-aligned-center is-layout-flow wp-block-column-is-layout-flow\" style=\"flex-basis:60%\">\n<figure class=\"wp-block-image size-full is-style-rounded wp-duotone-unset-6 is-style-rounded--5\"><img loading=\"lazy\" decoding=\"async\" width=\"1642\" height=\"1095\" src=\"https:\/\/edfvr.net\/01\/wp-content\/uploads\/2026\/08\/Botticelli_Faust_Mephisto_GPT-Image2_a1.jpg\" alt=\"\" class=\"wp-image-855\" style=\"aspect-ratio:4\/3;object-fit:cover;object-position:51% 50%\" srcset=\"https:\/\/edfvr.net\/01\/wp-content\/uploads\/2026\/08\/Botticelli_Faust_Mephisto_GPT-Image2_a1.jpg 1642w, https:\/\/edfvr.net\/01\/wp-content\/uploads\/2026\/08\/Botticelli_Faust_Mephisto_GPT-Image2_a1-300x200.jpg 300w, https:\/\/edfvr.net\/01\/wp-content\/uploads\/2026\/08\/Botticelli_Faust_Mephisto_GPT-Image2_a1-1024x683.jpg 1024w, https:\/\/edfvr.net\/01\/wp-content\/uploads\/2026\/08\/Botticelli_Faust_Mephisto_GPT-Image2_a1-768x512.jpg 768w, https:\/\/edfvr.net\/01\/wp-content\/uploads\/2026\/08\/Botticelli_Faust_Mephisto_GPT-Image2_a1-1536x1024.jpg 1536w\" sizes=\"auto, (max-width: 1642px) 100vw, 1642px\" \/><\/figure>\n<\/div>\n\n\n\n<div class=\"wp-block-column is-layout-flow wp-block-column-is-layout-flow\" style=\"flex-basis:40%\">\n<h2 class=\"wp-block-heading has-roboto-font-family\">Qualifizierung &amp;<br>Ausbildung <\/h2>\n\n\n\n<p class=\"wp-block-paragraph\">2023 startet der Ausbildungsberuf zum Gestalter\/in f\u00fcr immersive Medien. Dem ist ein langj\u00e4hriger Prozess vorausgegangen, und heute, 2026, hat der erste Jahrgang der GIMs die Ausbildung abgeschlossen.<\/p>\n\n\n\n<div class=\"wp-block-buttons is-layout-flex wp-block-buttons-is-layout-flex\">\n<div class=\"wp-block-button\"><a class=\"wp-block-button__link wp-element-button\">GIM- der Ausbilungsberuf<\/a><\/div>\n<\/div>\n\n\n\n<p class=\"wp-block-paragraph\">Qualifizierung findet aber auch in Hochschulen und privaten Instituten statt, genauso, wie sie abseits von Zertifizierungen durch ein best\u00e4ndiges Lernen in der Praxis zum Alltag geh\u00f6rt. Qualifizierung als Querschnittsthema ist Teil der Arbeit eines Fachverbands. Besser werden ist immer gut. Aber es geht auch um die Struktur von Kosten und Wirtschaftlichkeit im Umfeld des Arbeitsmarktes, der h\u00e4nderingend nach Nachwuchs und qualifizierten Mitarbeitern sucht.<\/p>\n<\/div>\n<\/div>\n<\/div>\n\n\n\n<div class=\"wp-block-group alignfull has-base-background-color has-background has-global-padding is-layout-constrained wp-container-core-group-is-layout-36f65c2d wp-block-group-is-layout-constrained\" style=\"margin-top:0;margin-bottom:0;padding-top:var(--wp--preset--spacing--50);padding-right:var(--wp--preset--spacing--50);padding-bottom:var(--wp--preset--spacing--50);padding-left:var(--wp--preset--spacing--50)\">\n<div class=\"wp-block-columns alignwide is-layout-flex wp-container-core-columns-is-layout-ef10d34a wp-block-columns-is-layout-flex\">\n<div class=\"wp-block-column has-global-padding is-content-justification-left is-layout-constrained wp-container-core-column-is-layout-fbd00b99 wp-block-column-is-layout-constrained\" style=\"flex-basis:40%\">\n<p class=\"has-roboto-font-family has-medium-font-size wp-block-paragraph\">Hochschul- und Forschungsgruppe<\/p>\n\n\n\n<div style=\"height:118px\" aria-hidden=\"true\" class=\"wp-block-spacer\"><\/div>\n\n\n\n<figure class=\"wp-block-image alignfull size-large is-style-rounded wp-duotone-unset-8 is-style-rounded--7\"><img loading=\"lazy\" decoding=\"async\" width=\"1024\" height=\"683\" src=\"https:\/\/edfvr.net\/01\/wp-content\/uploads\/2026\/08\/Forschung_a1-1024x683.jpg\" alt=\"\" class=\"wp-image-959\" srcset=\"https:\/\/edfvr.net\/01\/wp-content\/uploads\/2026\/08\/Forschung_a1-1024x683.jpg 1024w, https:\/\/edfvr.net\/01\/wp-content\/uploads\/2026\/08\/Forschung_a1-300x200.jpg 300w, https:\/\/edfvr.net\/01\/wp-content\/uploads\/2026\/08\/Forschung_a1-768x512.jpg 768w, https:\/\/edfvr.net\/01\/wp-content\/uploads\/2026\/08\/Forschung_a1.jpg 1536w\" sizes=\"auto, (max-width: 1024px) 100vw, 1024px\" \/><\/figure>\n\n\n\n<figure class=\"wp-block-image alignfull size-large is-style-rounded is-style-rounded--9\"><img loading=\"lazy\" decoding=\"async\" width=\"1024\" height=\"559\" src=\"https:\/\/edfvr.net\/01\/wp-content\/uploads\/2026\/08\/forschung_OP_XR_a1-1024x559.jpg\" alt=\"\" class=\"wp-image-1006\" srcset=\"https:\/\/edfvr.net\/01\/wp-content\/uploads\/2026\/08\/forschung_OP_XR_a1-1024x559.jpg 1024w, https:\/\/edfvr.net\/01\/wp-content\/uploads\/2026\/08\/forschung_OP_XR_a1-300x164.jpg 300w, https:\/\/edfvr.net\/01\/wp-content\/uploads\/2026\/08\/forschung_OP_XR_a1-768x419.jpg 768w, https:\/\/edfvr.net\/01\/wp-content\/uploads\/2026\/08\/forschung_OP_XR_a1.jpg 1408w\" sizes=\"auto, (max-width: 1024px) 100vw, 1024px\" \/><\/figure>\n\n\n\n<p class=\"wp-block-paragraph\"><\/p>\n\n\n\n<p class=\"wp-block-paragraph\"><\/p>\n<\/div>\n\n\n\n<div class=\"wp-block-column is-layout-flow wp-container-core-column-is-layout-0c22cdd7 wp-block-column-is-layout-flow\" style=\"flex-basis:60%\">\n<p class=\"has-heading-font-family has-x-large-font-size wp-block-paragraph\" style=\"line-height:1.2\">Wir haben im Fachverband viele Vertreter von Hochschulen und Forschungseinrichtungen.<\/p>\n\n\n\n<p class=\"wp-block-paragraph\">Das Spektrum umfasst dabei fast die gesamte Bandbreite der Forschungslandschaft und reicht von der Technik und den Naturwissenschaften, \u00fcber IT zu gesellschaftlichen, politischen und sogar juristischen Fachbereichen. Nicht zu vergessen die Medienwissenschaften und der Bereich der Kunst.<\/p>\n\n\n\n<p class=\"wp-block-paragraph\">Wir m\u00f6chten hier die T\u00fcr der Fachbereiche und Cluster aufsto\u00dfen und die Relevanz des Themas XR, Virtualit\u00e4t und der digitalen Realit\u00e4t in der Forschung und Lehre st\u00e4rken und Synergien schaffen.<\/p>\n\n\n\n<p class=\"wp-block-paragraph\">Eventuell schaffen wir es ja, eine entsprechende Fachpublikation zu lancieren.<\/p>\n\n\n\n<div class=\"wp-block-columns is-layout-flex wp-container-core-columns-is-layout-3afcaa04 wp-block-columns-is-layout-flex\">\n<div class=\"wp-block-column is-layout-flow wp-block-column-is-layout-flow\">\n<p class=\"wp-container-content-9cfa9a5a wp-block-paragraph\"><\/p>\n<\/div>\n\n\n\n<div class=\"wp-block-column is-layout-flow wp-block-column-is-layout-flow\">\n<p class=\"wp-block-paragraph\"><\/p>\n<\/div>\n<\/div>\n<\/div>\n<\/div>\n<\/div>\n","protected":false},"excerpt":{"rendered":"<p>Arbeitsbereiche des FACHVERBANDS Neben den klassischen Federn der Eigenorganisation einer Branche, wie der politischen und gesellschaftlichen Vertretung, arbeiten wir als Verband in uns spezifisch wichtigen Arbeitsfeldern. STANDARDISIERUNG XR und die digitale Transformation werden nur funktionieren, wenn wir die Vorteile\u00a0 gemeinsamer und offener Standards nutzen. ANWENDERGRUPPE Wer XR\u2011Technologie einsetzt, im Betrieb als Werkzeug, als Plattform, als [&hellip;]<\/p>\n","protected":false},"author":1,"featured_media":0,"parent":0,"menu_order":0,"comment_status":"closed","ping_status":"closed","template":"","meta":{"footnotes":""},"class_list":["post-12","page","type-page","status-publish","hentry"],"_links":{"self":[{"href":"https:\/\/edfvr.net\/01\/wp-json\/wp\/v2\/pages\/12","targetHints":{"allow":["GET"]}}],"collection":[{"href":"https:\/\/edfvr.net\/01\/wp-json\/wp\/v2\/pages"}],"about":[{"href":"https:\/\/edfvr.net\/01\/wp-json\/wp\/v2\/types\/page"}],"author":[{"embeddable":true,"href":"https:\/\/edfvr.net\/01\/wp-json\/wp\/v2\/users\/1"}],"replies":[{"embeddable":true,"href":"https:\/\/edfvr.net\/01\/wp-json\/wp\/v2\/comments?post=12"}],"version-history":[{"count":10,"href":"https:\/\/edfvr.net\/01\/wp-json\/wp\/v2\/pages\/12\/revisions"}],"predecessor-version":[{"id":1024,"href":"https:\/\/edfvr.net\/01\/wp-json\/wp\/v2\/pages\/12\/revisions\/1024"}],"wp:attachment":[{"href":"https:\/\/edfvr.net\/01\/wp-json\/wp\/v2\/media?parent=12"}],"curies":[{"name":"wp","href":"https:\/\/api.w.org\/{rel}","templated":true}]}}